{"version":"1.0","provider_name":"Svenska Budo &amp; Kampsportsf\u00f6rbundet","provider_url":"https:\/\/www.budokampsport.se","title":"S\u00e5 gick VM:s f\u00f6rsta dag - Svenska Budo &amp; Kampsportsf\u00f6rbundet","type":"rich","width":600,"height":338,"html":"<blockquote class=\"wp-embedded-content\" data-secret=\"5ctIgcKcoo\"><a href=\"https:\/\/www.budokampsport.se\/2009\/10\/22\/sa-gick-vms-forsta-dag\/\">S\u00e5 gick VM:s f\u00f6rsta dag<\/a><\/blockquote><iframe sandbox=\"allow-scripts\" security=\"restricted\" src=\"https:\/\/www.budokampsport.se\/2009\/10\/22\/sa-gick-vms-forsta-dag\/embed\/#?secret=5ctIgcKcoo\" width=\"600\" height=\"338\" title=\"\u201dS\u00e5 gick VM:s f\u00f6rsta dag\u201d &ndash; Svenska Budo &amp; Kampsportsf\u00f6rbundet\" data-secret=\"5ctIgcKcoo\" frameborder=\"0\" marginwidth=\"0\" marginheight=\"0\" scrolling=\"no\" class=\"wp-embedded-content\"><\/iframe><script type=\"text\/javascript\">\n\/* <![CDATA[ *\/\n\/*! This file is auto-generated *\/\n!function(d,l){\"use strict\";l.querySelector&&d.addEventListener&&\"undefined\"!=typeof URL&&(d.wp=d.wp||{},d.wp.receiveEmbedMessage||(d.wp.receiveEmbedMessage=function(e){var t=e.data;if((t||t.secret||t.message||t.value)&&!\/[^a-zA-Z0-9]\/.test(t.secret)){for(var s,r,n,a=l.querySelectorAll('iframe[data-secret=\"'+t.secret+'\"]'),o=l.querySelectorAll('blockquote[data-secret=\"'+t.secret+'\"]'),c=new RegExp(\"^https?:$\",\"i\"),i=0;i<o.length;i++)o[i].style.display=\"none\";for(i=0;i<a.length;i++)s=a[i],e.source===s.contentWindow&&(s.removeAttribute(\"style\"),\"height\"===t.message?(1e3<(r=parseInt(t.value,10))?r=1e3:~~r<200&&(r=200),s.height=r):\"link\"===t.message&&(r=new URL(s.getAttribute(\"src\")),n=new URL(t.value),c.test(n.protocol))&&n.host===r.host&&l.activeElement===s&&(d.top.location.href=t.value))}},d.addEventListener(\"message\",d.wp.receiveEmbedMessage,!1),l.addEventListener(\"DOMContentLoaded\",function(){for(var e,t,s=l.querySelectorAll(\"iframe.wp-embedded-content\"),r=0;r<s.length;r++)(t=(e=s[r]).getAttribute(\"data-secret\"))||(t=Math.random().toString(36).substring(2,12),e.src+=\"#?secret=\"+t,e.setAttribute(\"data-secret\",t)),e.contentWindow.postMessage({message:\"ready\",secret:t},\"*\")},!1)))}(window,document);\n\/* ]]> *\/\n<\/script>\n","description":"Det svenska kickboxningslandslaget har f\u00e5tt bek\u00e4nna f\u00e4rg under VM i Villachs f\u00f6rsta t\u00e4vlingsdag. Det m\u00e4rks att motst\u00e5ndet \u00e4r det absolut b\u00e4sta som finns. Men en del svenskar ser of\u00f6rsk\u00e4mt starka ut.Det blev en l\u00e5ng v\u00e4ntan. En invigning som aldrig ville ta fart. L\u00e4nder som inte hade blivit inv\u00e4gda. Detta fick till f\u00f6ljd att matcherna blev f\u00f6rdr\u00f6jda, n\u00e5got som m\u00f6jligen st\u00f6rde. Arrangemanget \u00f6verhuvudtaget l\u00e4mnar en del klara fr\u00e5getecken efter sig."}