{"version":"1.0","provider_name":"Svenska Budo &amp; Kampsportsf\u00f6rbundet","provider_url":"https:\/\/www.budokampsport.se","title":"Information fr\u00e5n F\u00f6rbundsstyrelsen till distriktsf\u00f6rbunden - Svenska Budo &amp; Kampsportsf\u00f6rbundet","type":"rich","width":600,"height":338,"html":"<blockquote class=\"wp-embedded-content\" data-secret=\"MNK4eRNuou\"><a href=\"https:\/\/www.budokampsport.se\/2009\/12\/22\/information-fran-forbundsstyrelsen-till-distriktsforbunden\/\">Information fr\u00e5n F\u00f6rbundsstyrelsen till distriktsf\u00f6rbunden<\/a><\/blockquote><iframe sandbox=\"allow-scripts\" security=\"restricted\" src=\"https:\/\/www.budokampsport.se\/2009\/12\/22\/information-fran-forbundsstyrelsen-till-distriktsforbunden\/embed\/#?secret=MNK4eRNuou\" width=\"600\" height=\"338\" title=\"\u201dInformation fr\u00e5n F\u00f6rbundsstyrelsen till distriktsf\u00f6rbunden\u201d &ndash; Svenska Budo &amp; Kampsportsf\u00f6rbundet\" data-secret=\"MNK4eRNuou\" frameborder=\"0\" marginwidth=\"0\" marginheight=\"0\" scrolling=\"no\" class=\"wp-embedded-content\"><\/iframe><script type=\"text\/javascript\">\n\/* <![CDATA[ *\/\n\/*! This file is auto-generated *\/\n!function(d,l){\"use strict\";l.querySelector&&d.addEventListener&&\"undefined\"!=typeof URL&&(d.wp=d.wp||{},d.wp.receiveEmbedMessage||(d.wp.receiveEmbedMessage=function(e){var t=e.data;if((t||t.secret||t.message||t.value)&&!\/[^a-zA-Z0-9]\/.test(t.secret)){for(var s,r,n,a=l.querySelectorAll('iframe[data-secret=\"'+t.secret+'\"]'),o=l.querySelectorAll('blockquote[data-secret=\"'+t.secret+'\"]'),c=new RegExp(\"^https?:$\",\"i\"),i=0;i<o.length;i++)o[i].style.display=\"none\";for(i=0;i<a.length;i++)s=a[i],e.source===s.contentWindow&&(s.removeAttribute(\"style\"),\"height\"===t.message?(1e3<(r=parseInt(t.value,10))?r=1e3:~~r<200&&(r=200),s.height=r):\"link\"===t.message&&(r=new URL(s.getAttribute(\"src\")),n=new URL(t.value),c.test(n.protocol))&&n.host===r.host&&l.activeElement===s&&(d.top.location.href=t.value))}},d.addEventListener(\"message\",d.wp.receiveEmbedMessage,!1),l.addEventListener(\"DOMContentLoaded\",function(){for(var e,t,s=l.querySelectorAll(\"iframe.wp-embedded-content\"),r=0;r<s.length;r++)(t=(e=s[r]).getAttribute(\"data-secret\"))||(t=Math.random().toString(36).substring(2,12),e.src+=\"#?secret=\"+t,e.setAttribute(\"data-secret\",t)),e.contentWindow.postMessage({message:\"ready\",secret:t},\"*\")},!1)))}(window,document);\n\/* ]]> *\/\n<\/script>\n","description":"Att karate l\u00e4mnar Svenska Budo & Kampsportsf\u00f6rbundet efter den 31 december, \u00e4r ingen nyhet. D\u00e4remot kommer sj\u00e4lva \u00f6verg\u00e5ngen i sig att medf\u00f6ra nya framtida arbetss\u00e4tt, b\u00e5de f\u00f6r f\u00f6rbundet centralt men \u00e4ven p\u00e5 distriktsniv\u00e5.F\u00f6r distrikten ska f\u00f6r\u00e4ndringen inte p\u00e5verka verksamheten i annan omfattning \u00e4n vad som varje enskilt distriktsf\u00f6rbund beslutar."}