{"version":"1.0","provider_name":"Svenska Budo &amp; Kampsportsf\u00f6rbundet","provider_url":"https:\/\/www.budokampsport.se","title":"August Wall\u00e9n avg\u00e5r som MMA-ordf\u00f6rande - Svenska Budo &amp; Kampsportsf\u00f6rbundet","type":"rich","width":600,"height":338,"html":"<blockquote class=\"wp-embedded-content\" data-secret=\"qt6sqxwjP7\"><a href=\"https:\/\/www.budokampsport.se\/2010\/12\/27\/august-wallen-avgar-som-mma-ordforande\/\">August Wall\u00e9n avg\u00e5r som MMA-ordf\u00f6rande<\/a><\/blockquote><iframe sandbox=\"allow-scripts\" security=\"restricted\" src=\"https:\/\/www.budokampsport.se\/2010\/12\/27\/august-wallen-avgar-som-mma-ordforande\/embed\/#?secret=qt6sqxwjP7\" width=\"600\" height=\"338\" title=\"\u201dAugust Wall\u00e9n avg\u00e5r som MMA-ordf\u00f6rande\u201d &ndash; Svenska Budo &amp; Kampsportsf\u00f6rbundet\" data-secret=\"qt6sqxwjP7\" frameborder=\"0\" marginwidth=\"0\" marginheight=\"0\" scrolling=\"no\" class=\"wp-embedded-content\"><\/iframe><script type=\"text\/javascript\">\n\/* <![CDATA[ *\/\n\/*! This file is auto-generated *\/\n!function(d,l){\"use strict\";l.querySelector&&d.addEventListener&&\"undefined\"!=typeof URL&&(d.wp=d.wp||{},d.wp.receiveEmbedMessage||(d.wp.receiveEmbedMessage=function(e){var t=e.data;if((t||t.secret||t.message||t.value)&&!\/[^a-zA-Z0-9]\/.test(t.secret)){for(var s,r,n,a=l.querySelectorAll('iframe[data-secret=\"'+t.secret+'\"]'),o=l.querySelectorAll('blockquote[data-secret=\"'+t.secret+'\"]'),c=new RegExp(\"^https?:$\",\"i\"),i=0;i<o.length;i++)o[i].style.display=\"none\";for(i=0;i<a.length;i++)s=a[i],e.source===s.contentWindow&&(s.removeAttribute(\"style\"),\"height\"===t.message?(1e3<(r=parseInt(t.value,10))?r=1e3:~~r<200&&(r=200),s.height=r):\"link\"===t.message&&(r=new URL(s.getAttribute(\"src\")),n=new URL(t.value),c.test(n.protocol))&&n.host===r.host&&l.activeElement===s&&(d.top.location.href=t.value))}},d.addEventListener(\"message\",d.wp.receiveEmbedMessage,!1),l.addEventListener(\"DOMContentLoaded\",function(){for(var e,t,s=l.querySelectorAll(\"iframe.wp-embedded-content\"),r=0;r<s.length;r++)(t=(e=s[r]).getAttribute(\"data-secret\"))||(t=Math.random().toString(36).substring(2,12),e.src+=\"#?secret=\"+t,e.setAttribute(\"data-secret\",t)),e.contentWindow.postMessage({message:\"ready\",secret:t},\"*\")},!1)))}(window,document);\n\/* ]]> *\/\n<\/script>\n","description":"P\u00e5 \u00e5rsst\u00e4mman n\u00e4sta \u00e5r kommer August Wall\u00e9n inte att kandidera f\u00f6r omval - han v\u00e4ljer ist\u00e4llet att idag offentligg\u00f6ra att han avg\u00e5r som ordf\u00f6rande i Svenska MMA-f\u00f6rbundet.\u00a0\u00a0 - Tiden \u00e4r inne f\u00f6r det. Jag k\u00e4nner att jag har gjort mitt inom MMA-f\u00f6rbundet. Det har varit en tid med mycket stora positiva f\u00f6r\u00e4ndringar f\u00f6r MMA som sport. Det \u00e4r med lite vemod, samtidigt som jag k\u00e4nner att beslutet \u00e4r det r\u00e4tta f\u00f6r mig, som jag kliver av, s\u00e4ger Wall\u00e9n till budokampsport.se."}