{"version":"1.0","provider_name":"Svenska Budo &amp; Kampsportsf\u00f6rbundet","provider_url":"https:\/\/www.budokampsport.se","title":"Inv\u00e4gningarna avklarade - nu \u00e4r det n\u00e4ra - Svenska Budo &amp; Kampsportsf\u00f6rbundet","type":"rich","width":600,"height":338,"html":"<blockquote class=\"wp-embedded-content\" data-secret=\"cmof1BMRAp\"><a href=\"https:\/\/www.budokampsport.se\/2012\/04\/13\/invagningarna-avklarade-nu-ar-det-nara\/\">Inv\u00e4gningarna avklarade &#8211; nu \u00e4r det n\u00e4ra<\/a><\/blockquote><iframe sandbox=\"allow-scripts\" security=\"restricted\" src=\"https:\/\/www.budokampsport.se\/2012\/04\/13\/invagningarna-avklarade-nu-ar-det-nara\/embed\/#?secret=cmof1BMRAp\" width=\"600\" height=\"338\" title=\"\u201dInv\u00e4gningarna avklarade &#8211; nu \u00e4r det n\u00e4ra\u201d &ndash; Svenska Budo &amp; Kampsportsf\u00f6rbundet\" data-secret=\"cmof1BMRAp\" frameborder=\"0\" marginwidth=\"0\" marginheight=\"0\" scrolling=\"no\" class=\"wp-embedded-content\"><\/iframe><script type=\"text\/javascript\">\n\/* <![CDATA[ *\/\n\/*! This file is auto-generated *\/\n!function(d,l){\"use strict\";l.querySelector&&d.addEventListener&&\"undefined\"!=typeof URL&&(d.wp=d.wp||{},d.wp.receiveEmbedMessage||(d.wp.receiveEmbedMessage=function(e){var t=e.data;if((t||t.secret||t.message||t.value)&&!\/[^a-zA-Z0-9]\/.test(t.secret)){for(var s,r,n,a=l.querySelectorAll('iframe[data-secret=\"'+t.secret+'\"]'),o=l.querySelectorAll('blockquote[data-secret=\"'+t.secret+'\"]'),c=new RegExp(\"^https?:$\",\"i\"),i=0;i<o.length;i++)o[i].style.display=\"none\";for(i=0;i<a.length;i++)s=a[i],e.source===s.contentWindow&&(s.removeAttribute(\"style\"),\"height\"===t.message?(1e3<(r=parseInt(t.value,10))?r=1e3:~~r<200&&(r=200),s.height=r):\"link\"===t.message&&(r=new URL(s.getAttribute(\"src\")),n=new URL(t.value),c.test(n.protocol))&&n.host===r.host&&l.activeElement===s&&(d.top.location.href=t.value))}},d.addEventListener(\"message\",d.wp.receiveEmbedMessage,!1),l.addEventListener(\"DOMContentLoaded\",function(){for(var e,t,s=l.querySelectorAll(\"iframe.wp-embedded-content\"),r=0;r<s.length;r++)(t=(e=s[r]).getAttribute(\"data-secret\"))||(t=Math.random().toString(36).substring(2,12),e.src+=\"#?secret=\"+t,e.setAttribute(\"data-secret\",t)),e.contentWindow.postMessage({message:\"ready\",secret:t},\"*\")},!1)))}(window,document);\n\/* ]]> *\/\n<\/script>\n","description":"Globens ena kortsida var fylld med f\u00f6rv\u00e4ntansfulla fans. Uppskattningsvis 1500 personer f\u00f6ljde inv\u00e4gningarna till UFC och det var stundals h\u00f6g st\u00e4mning p\u00e5 l\u00e4ktarna.H\u00e4r kommer lite bilder fr\u00e5n inv\u00e4gningarna tagna av Jonathan Broberg\/Mona Lundkvist."}