{"version":"1.0","provider_name":"Svenska Budo &amp; Kampsportsf\u00f6rbundet","provider_url":"https:\/\/www.budokampsport.se","title":"\u00d6sterlin debuterade \u2013 nu \u00e4r hon b\u00e4st i Europa - Svenska Budo &amp; Kampsportsf\u00f6rbundet","type":"rich","width":600,"height":338,"html":"<blockquote class=\"wp-embedded-content\" data-secret=\"q1KXOlRhM5\"><a href=\"https:\/\/www.budokampsport.se\/2012\/05\/03\/osterlin-debuterade-nu-ar-hon-bast-i-europa\/\">\u00d6sterlin debuterade \u2013 nu \u00e4r hon b\u00e4st i Europa<\/a><\/blockquote><iframe sandbox=\"allow-scripts\" security=\"restricted\" src=\"https:\/\/www.budokampsport.se\/2012\/05\/03\/osterlin-debuterade-nu-ar-hon-bast-i-europa\/embed\/#?secret=q1KXOlRhM5\" width=\"600\" height=\"338\" title=\"\u201d\u00d6sterlin debuterade \u2013 nu \u00e4r hon b\u00e4st i Europa\u201d &ndash; Svenska Budo &amp; Kampsportsf\u00f6rbundet\" data-secret=\"q1KXOlRhM5\" frameborder=\"0\" marginwidth=\"0\" marginheight=\"0\" scrolling=\"no\" class=\"wp-embedded-content\"><\/iframe><script type=\"text\/javascript\">\n\/* <![CDATA[ *\/\n\/*! This file is auto-generated *\/\n!function(d,l){\"use strict\";l.querySelector&&d.addEventListener&&\"undefined\"!=typeof URL&&(d.wp=d.wp||{},d.wp.receiveEmbedMessage||(d.wp.receiveEmbedMessage=function(e){var t=e.data;if((t||t.secret||t.message||t.value)&&!\/[^a-zA-Z0-9]\/.test(t.secret)){for(var s,r,n,a=l.querySelectorAll('iframe[data-secret=\"'+t.secret+'\"]'),o=l.querySelectorAll('blockquote[data-secret=\"'+t.secret+'\"]'),c=new RegExp(\"^https?:$\",\"i\"),i=0;i<o.length;i++)o[i].style.display=\"none\";for(i=0;i<a.length;i++)s=a[i],e.source===s.contentWindow&&(s.removeAttribute(\"style\"),\"height\"===t.message?(1e3<(r=parseInt(t.value,10))?r=1e3:~~r<200&&(r=200),s.height=r):\"link\"===t.message&&(r=new URL(s.getAttribute(\"src\")),n=new URL(t.value),c.test(n.protocol))&&n.host===r.host&&l.activeElement===s&&(d.top.location.href=t.value))}},d.addEventListener(\"message\",d.wp.receiveEmbedMessage,!1),l.addEventListener(\"DOMContentLoaded\",function(){for(var e,t,s=l.querySelectorAll(\"iframe.wp-embedded-content\"),r=0;r<s.length;r++)(t=(e=s[r]).getAttribute(\"data-secret\"))||(t=Math.random().toString(36).substring(2,12),e.src+=\"#?secret=\"+t,e.setAttribute(\"data-secret\",t)),e.contentWindow.postMessage({message:\"ready\",secret:t},\"*\")},!1)))}(window,document);\n\/* ]]> *\/\n<\/script>\n","description":"F\u00f6r tv\u00e5 veckor sedan \u00e5kte debutanten Jennifer \u00d6sterlin f\u00f6r f\u00f6rsta g\u00e5ngen till ett stort m\u00e4sterskap ikl\u00e4dd den bl\u00e5gula landslagsdressen. N\u00e4r hon v\u00e4nde hem\u00e5t fr\u00e5n Turkiet gjorde hon det med ett EM-guld h\u00e4ngandes runt halsen.\u00a0\u00a0 - Jag har inte f\u00f6rst\u00e5tt vad som har h\u00e4nt, det g\u00e5r nog inte att fullt ut f\u00f6rst\u00e5 det heller, s\u00e4ger hon till budokampsport.se."}