{"version":"1.0","provider_name":"Svenska Budo &amp; Kampsportsf\u00f6rbundet","provider_url":"https:\/\/www.budokampsport.se","title":"Michael Kuntz ringar in VM och blickar fram\u00e5t - Svenska Budo &amp; Kampsportsf\u00f6rbundet","type":"rich","width":600,"height":338,"html":"<blockquote class=\"wp-embedded-content\" data-secret=\"fLbWd6byjj\"><a href=\"https:\/\/www.budokampsport.se\/2012\/12\/03\/michael-kuntz-ringar-in-vm-och-blickar-framat\/\">Michael Kuntz ringar in VM och blickar fram\u00e5t<\/a><\/blockquote><iframe sandbox=\"allow-scripts\" security=\"restricted\" src=\"https:\/\/www.budokampsport.se\/2012\/12\/03\/michael-kuntz-ringar-in-vm-och-blickar-framat\/embed\/#?secret=fLbWd6byjj\" width=\"600\" height=\"338\" title=\"\u201dMichael Kuntz ringar in VM och blickar fram\u00e5t\u201d &ndash; Svenska Budo &amp; Kampsportsf\u00f6rbundet\" data-secret=\"fLbWd6byjj\" frameborder=\"0\" marginwidth=\"0\" marginheight=\"0\" scrolling=\"no\" class=\"wp-embedded-content\"><\/iframe><script type=\"text\/javascript\">\n\/* <![CDATA[ *\/\n\/*! This file is auto-generated *\/\n!function(d,l){\"use strict\";l.querySelector&&d.addEventListener&&\"undefined\"!=typeof URL&&(d.wp=d.wp||{},d.wp.receiveEmbedMessage||(d.wp.receiveEmbedMessage=function(e){var t=e.data;if((t||t.secret||t.message||t.value)&&!\/[^a-zA-Z0-9]\/.test(t.secret)){for(var s,r,n,a=l.querySelectorAll('iframe[data-secret=\"'+t.secret+'\"]'),o=l.querySelectorAll('blockquote[data-secret=\"'+t.secret+'\"]'),c=new RegExp(\"^https?:$\",\"i\"),i=0;i<o.length;i++)o[i].style.display=\"none\";for(i=0;i<a.length;i++)s=a[i],e.source===s.contentWindow&&(s.removeAttribute(\"style\"),\"height\"===t.message?(1e3<(r=parseInt(t.value,10))?r=1e3:~~r<200&&(r=200),s.height=r):\"link\"===t.message&&(r=new URL(s.getAttribute(\"src\")),n=new URL(t.value),c.test(n.protocol))&&n.host===r.host&&l.activeElement===s&&(d.top.location.href=t.value))}},d.addEventListener(\"message\",d.wp.receiveEmbedMessage,!1),l.addEventListener(\"DOMContentLoaded\",function(){for(var e,t,s=l.querySelectorAll(\"iframe.wp-embedded-content\"),r=0;r<s.length;r++)(t=(e=s[r]).getAttribute(\"data-secret\"))||(t=Math.random().toString(36).substring(2,12),e.src+=\"#?secret=\"+t,e.setAttribute(\"data-secret\",t)),e.contentWindow.postMessage({message:\"ready\",secret:t},\"*\")},!1)))}(window,document);\n\/* ]]> *\/\n<\/script>\n","description":"F\u00f6rbundskapten Michael Kuntz ler. Oh han har all anledning att g\u00f6ra s\u00e5. Hans landslag har varit litet, hans resurser knappa. Men svensk ju jutsu har \u00e5ter placerat ut sig p\u00e5 den v\u00e4rldsomsp\u00e4nnande ju jutsukartan.\u00a0\u00a0 - Vilket lag. Vi \u00e4r helt klart p\u00e5 r\u00e4tt v\u00e4g, s\u00e4ger han till budokampsport.se."}