{"version":"1.0","provider_name":"Svenska Budo &amp; Kampsportsf\u00f6rbundet","provider_url":"https:\/\/www.budokampsport.se","title":"\u00c5rets uppvisningar p\u00e5 Kampsportsgalan \u2013 capoeira och jodo - Svenska Budo &amp; Kampsportsf\u00f6rbundet","type":"rich","width":600,"height":338,"html":"<blockquote class=\"wp-embedded-content\" data-secret=\"3pHsSZ0rTc\"><a href=\"https:\/\/www.budokampsport.se\/2013\/03\/22\/arets-uppvisningar-pa-kampsportsgalan-capoeira-och-jodo\/\">\u00c5rets uppvisningar p\u00e5 Kampsportsgalan \u2013 capoeira och jodo<\/a><\/blockquote><iframe sandbox=\"allow-scripts\" security=\"restricted\" src=\"https:\/\/www.budokampsport.se\/2013\/03\/22\/arets-uppvisningar-pa-kampsportsgalan-capoeira-och-jodo\/embed\/#?secret=3pHsSZ0rTc\" width=\"600\" height=\"338\" title=\"\u201d\u00c5rets uppvisningar p\u00e5 Kampsportsgalan \u2013 capoeira och jodo\u201d &ndash; Svenska Budo &amp; Kampsportsf\u00f6rbundet\" data-secret=\"3pHsSZ0rTc\" frameborder=\"0\" marginwidth=\"0\" marginheight=\"0\" scrolling=\"no\" class=\"wp-embedded-content\"><\/iframe><script type=\"text\/javascript\">\n\/* <![CDATA[ *\/\n\/*! This file is auto-generated *\/\n!function(d,l){\"use strict\";l.querySelector&&d.addEventListener&&\"undefined\"!=typeof URL&&(d.wp=d.wp||{},d.wp.receiveEmbedMessage||(d.wp.receiveEmbedMessage=function(e){var t=e.data;if((t||t.secret||t.message||t.value)&&!\/[^a-zA-Z0-9]\/.test(t.secret)){for(var s,r,n,a=l.querySelectorAll('iframe[data-secret=\"'+t.secret+'\"]'),o=l.querySelectorAll('blockquote[data-secret=\"'+t.secret+'\"]'),c=new RegExp(\"^https?:$\",\"i\"),i=0;i<o.length;i++)o[i].style.display=\"none\";for(i=0;i<a.length;i++)s=a[i],e.source===s.contentWindow&&(s.removeAttribute(\"style\"),\"height\"===t.message?(1e3<(r=parseInt(t.value,10))?r=1e3:~~r<200&&(r=200),s.height=r):\"link\"===t.message&&(r=new URL(s.getAttribute(\"src\")),n=new URL(t.value),c.test(n.protocol))&&n.host===r.host&&l.activeElement===s&&(d.top.location.href=t.value))}},d.addEventListener(\"message\",d.wp.receiveEmbedMessage,!1),l.addEventListener(\"DOMContentLoaded\",function(){for(var e,t,s=l.querySelectorAll(\"iframe.wp-embedded-content\"),r=0;r<s.length;r++)(t=(e=s[r]).getAttribute(\"data-secret\"))||(t=Math.random().toString(36).substring(2,12),e.src+=\"#?secret=\"+t,e.setAttribute(\"data-secret\",t)),e.contentWindow.postMessage({message:\"ready\",secret:t},\"*\")},!1)))}(window,document);\n\/* ]]> *\/\n<\/script>\n","description":"Varje \u00e5r p\u00e5 Kampsportsgalan har det visats upp ett antal idrotter inom Svenska Budo & Kampsportsf\u00f6rbundet. I morgon kommer tv\u00e5 idrotter som f\u00f6rr inte visats upp att ha uppvisningar, det g\u00e4ller capoeira via en av Sveriges fr\u00e4msta ut\u00f6vare Martin Blad och jodo via landslagets Sida Yin och Jesper Waldest\u00e5l. Kampsportsgalan h\u00e5lls p\u00e5 Berns salonger med start 19.00."}