{"version":"1.0","provider_name":"Svenska Budo &amp; Kampsportsf\u00f6rbundet","provider_url":"https:\/\/www.budokampsport.se","title":"Martin Blad blir Sveriges f\u00f6rsta capoeiraprofessor - Svenska Budo &amp; Kampsportsf\u00f6rbundet","type":"rich","width":600,"height":338,"html":"<blockquote class=\"wp-embedded-content\" data-secret=\"b6Jntlk6ZH\"><a href=\"https:\/\/www.budokampsport.se\/2013\/05\/15\/martin-blad-blir-sveriges-forsta-capoeiraprofessor\/\">Martin Blad blir Sveriges f\u00f6rsta capoeiraprofessor<\/a><\/blockquote><iframe sandbox=\"allow-scripts\" security=\"restricted\" src=\"https:\/\/www.budokampsport.se\/2013\/05\/15\/martin-blad-blir-sveriges-forsta-capoeiraprofessor\/embed\/#?secret=b6Jntlk6ZH\" width=\"600\" height=\"338\" title=\"\u201dMartin Blad blir Sveriges f\u00f6rsta capoeiraprofessor\u201d &ndash; Svenska Budo &amp; Kampsportsf\u00f6rbundet\" data-secret=\"b6Jntlk6ZH\" frameborder=\"0\" marginwidth=\"0\" marginheight=\"0\" scrolling=\"no\" class=\"wp-embedded-content\"><\/iframe><script type=\"text\/javascript\">\n\/* <![CDATA[ *\/\n\/*! This file is auto-generated *\/\n!function(d,l){\"use strict\";l.querySelector&&d.addEventListener&&\"undefined\"!=typeof URL&&(d.wp=d.wp||{},d.wp.receiveEmbedMessage||(d.wp.receiveEmbedMessage=function(e){var t=e.data;if((t||t.secret||t.message||t.value)&&!\/[^a-zA-Z0-9]\/.test(t.secret)){for(var s,r,n,a=l.querySelectorAll('iframe[data-secret=\"'+t.secret+'\"]'),o=l.querySelectorAll('blockquote[data-secret=\"'+t.secret+'\"]'),c=new RegExp(\"^https?:$\",\"i\"),i=0;i<o.length;i++)o[i].style.display=\"none\";for(i=0;i<a.length;i++)s=a[i],e.source===s.contentWindow&&(s.removeAttribute(\"style\"),\"height\"===t.message?(1e3<(r=parseInt(t.value,10))?r=1e3:~~r<200&&(r=200),s.height=r):\"link\"===t.message&&(r=new URL(s.getAttribute(\"src\")),n=new URL(t.value),c.test(n.protocol))&&n.host===r.host&&l.activeElement===s&&(d.top.location.href=t.value))}},d.addEventListener(\"message\",d.wp.receiveEmbedMessage,!1),l.addEventListener(\"DOMContentLoaded\",function(){for(var e,t,s=l.querySelectorAll(\"iframe.wp-embedded-content\"),r=0;r<s.length;r++)(t=(e=s[r]).getAttribute(\"data-secret\"))||(t=Math.random().toString(36).substring(2,12),e.src+=\"#?secret=\"+t,e.setAttribute(\"data-secret\",t)),e.contentWindow.postMessage({message:\"ready\",secret:t},\"*\")},!1)))}(window,document);\n\/* ]]> *\/\n<\/script>\n","description":"Den 25:e maj kommer g\u00f6teborgaren Martin Blad, som i mars hade uppvisning p\u00e5 Kampsportsgalan p\u00e5 Berns, att graderas till Sveriges f\u00f6rsta professor i capoeira. Blad, eller Instrutor L\u00e2mina, som capoeirav\u00e4rlden k\u00e4nner honom leder en klubb i Alings\u00e5s och har dedikerat 13 \u00e5r \u00e5t capoeirakulturen. \u00a0 \u00a0- Capoeira har l\u00e4rt mig hur jag kan hj\u00e4lpa andra att uppn\u00e5 saker de dr\u00f6mt om och \u00e4ven hur jag kan med capoeiran i kombination med mig sj\u00e4lv och min tro p\u00e5 det goda f\u00f6ra vidare de kunskaper jag erh\u00e5llit l\u00e4ngs v\u00e4gen. Jag har f\u00e5tt tr\u00e4na h\u00e5rt med dedikation och uppoffra m\u00e5nga saker f\u00f6r att n\u00e5 dit jag vill, men utan dem hade jag inte varit d\u00e4r jag \u00e4r idag och \u00e4r tacksam f\u00f6r att jag har f\u00e5tt g\u00f6ra dem, s\u00e4ger han i ett pressmeddelande."}