{"version":"1.0","provider_name":"Svenska Budo &amp; Kampsportsf\u00f6rbundet","provider_url":"https:\/\/www.budokampsport.se","title":"S\u00e5 firar profilerna jul \u2013 Lisa Pihl, submission wrestling\/MMA - Svenska Budo &amp; Kampsportsf\u00f6rbundet","type":"rich","width":600,"height":338,"html":"<blockquote class=\"wp-embedded-content\" data-secret=\"Xer5bXlVQX\"><a href=\"https:\/\/www.budokampsport.se\/2013\/12\/18\/sa-firar-profilerna-jul-lisa-pihl-submission-wrestlingmma\/\">S\u00e5 firar profilerna jul \u2013 Lisa Pihl, submission wrestling\/MMA<\/a><\/blockquote><iframe sandbox=\"allow-scripts\" security=\"restricted\" src=\"https:\/\/www.budokampsport.se\/2013\/12\/18\/sa-firar-profilerna-jul-lisa-pihl-submission-wrestlingmma\/embed\/#?secret=Xer5bXlVQX\" width=\"600\" height=\"338\" title=\"\u201dS\u00e5 firar profilerna jul \u2013 Lisa Pihl, submission wrestling\/MMA\u201d &ndash; Svenska Budo &amp; Kampsportsf\u00f6rbundet\" data-secret=\"Xer5bXlVQX\" frameborder=\"0\" marginwidth=\"0\" marginheight=\"0\" scrolling=\"no\" class=\"wp-embedded-content\"><\/iframe><script type=\"text\/javascript\">\n\/* <![CDATA[ *\/\n\/*! This file is auto-generated *\/\n!function(d,l){\"use strict\";l.querySelector&&d.addEventListener&&\"undefined\"!=typeof URL&&(d.wp=d.wp||{},d.wp.receiveEmbedMessage||(d.wp.receiveEmbedMessage=function(e){var t=e.data;if((t||t.secret||t.message||t.value)&&!\/[^a-zA-Z0-9]\/.test(t.secret)){for(var s,r,n,a=l.querySelectorAll('iframe[data-secret=\"'+t.secret+'\"]'),o=l.querySelectorAll('blockquote[data-secret=\"'+t.secret+'\"]'),c=new RegExp(\"^https?:$\",\"i\"),i=0;i<o.length;i++)o[i].style.display=\"none\";for(i=0;i<a.length;i++)s=a[i],e.source===s.contentWindow&&(s.removeAttribute(\"style\"),\"height\"===t.message?(1e3<(r=parseInt(t.value,10))?r=1e3:~~r<200&&(r=200),s.height=r):\"link\"===t.message&&(r=new URL(s.getAttribute(\"src\")),n=new URL(t.value),c.test(n.protocol))&&n.host===r.host&&l.activeElement===s&&(d.top.location.href=t.value))}},d.addEventListener(\"message\",d.wp.receiveEmbedMessage,!1),l.addEventListener(\"DOMContentLoaded\",function(){for(var e,t,s=l.querySelectorAll(\"iframe.wp-embedded-content\"),r=0;r<s.length;r++)(t=(e=s[r]).getAttribute(\"data-secret\"))||(t=Math.random().toString(36).substring(2,12),e.src+=\"#?secret=\"+t,e.setAttribute(\"data-secret\",t)),e.contentWindow.postMessage({message:\"ready\",secret:t},\"*\")},!1)))}(window,document);\n\/* ]]> *\/\n<\/script>\n","description":"Budokampsport.ses popul\u00e4ra julnedr\u00e4kning forts\u00e4tter. Nedr\u00e4kning fr\u00e5n lucia fram till jul \u00e4r med olika kampsportsprofiler och hur dessa ska fira jul, hur de sett p\u00e5 2013 och hur deras n\u00e4stkommande \u00e5r ser ut att bli.\u00a0V\u00e5r n\u00e4sta profil \u00e4r v\u00e4rldsm\u00e4starinnan i submission wrestling och nyblivna svenska m\u00e4starinnan i amat\u00f6r-MMA, Lisa Pihl."}