{"version":"1.0","provider_name":"Svenska Budo &amp; Kampsportsf\u00f6rbundet","provider_url":"https:\/\/www.budokampsport.se","title":"\u201dMin absolut st\u00f6rsta utmaning i livet\u201d - Svenska Budo &amp; Kampsportsf\u00f6rbundet","type":"rich","width":600,"height":338,"html":"<blockquote class=\"wp-embedded-content\" data-secret=\"xAmxDzgYFq\"><a href=\"https:\/\/www.budokampsport.se\/2017\/05\/16\/min-absolut-storsta-utmaning-livet\/\">\u201dMin absolut st\u00f6rsta utmaning i livet\u201d<\/a><\/blockquote><iframe sandbox=\"allow-scripts\" security=\"restricted\" src=\"https:\/\/www.budokampsport.se\/2017\/05\/16\/min-absolut-storsta-utmaning-livet\/embed\/#?secret=xAmxDzgYFq\" width=\"600\" height=\"338\" title=\"\u201d\u201dMin absolut st\u00f6rsta utmaning i livet\u201d\u201d &ndash; Svenska Budo &amp; Kampsportsf\u00f6rbundet\" data-secret=\"xAmxDzgYFq\" frameborder=\"0\" marginwidth=\"0\" marginheight=\"0\" scrolling=\"no\" class=\"wp-embedded-content\"><\/iframe><script type=\"text\/javascript\">\n\/* <![CDATA[ *\/\n\/*! This file is auto-generated *\/\n!function(d,l){\"use strict\";l.querySelector&&d.addEventListener&&\"undefined\"!=typeof URL&&(d.wp=d.wp||{},d.wp.receiveEmbedMessage||(d.wp.receiveEmbedMessage=function(e){var t=e.data;if((t||t.secret||t.message||t.value)&&!\/[^a-zA-Z0-9]\/.test(t.secret)){for(var s,r,n,a=l.querySelectorAll('iframe[data-secret=\"'+t.secret+'\"]'),o=l.querySelectorAll('blockquote[data-secret=\"'+t.secret+'\"]'),c=new RegExp(\"^https?:$\",\"i\"),i=0;i<o.length;i++)o[i].style.display=\"none\";for(i=0;i<a.length;i++)s=a[i],e.source===s.contentWindow&&(s.removeAttribute(\"style\"),\"height\"===t.message?(1e3<(r=parseInt(t.value,10))?r=1e3:~~r<200&&(r=200),s.height=r):\"link\"===t.message&&(r=new URL(s.getAttribute(\"src\")),n=new URL(t.value),c.test(n.protocol))&&n.host===r.host&&l.activeElement===s&&(d.top.location.href=t.value))}},d.addEventListener(\"message\",d.wp.receiveEmbedMessage,!1),l.addEventListener(\"DOMContentLoaded\",function(){for(var e,t,s=l.querySelectorAll(\"iframe.wp-embedded-content\"),r=0;r<s.length;r++)(t=(e=s[r]).getAttribute(\"data-secret\"))||(t=Math.random().toString(36).substring(2,12),e.src+=\"#?secret=\"+t,e.setAttribute(\"data-secret\",t)),e.contentWindow.postMessage({message:\"ready\",secret:t},\"*\")},!1)))}(window,document);\n\/* ]]> *\/\n<\/script>\n","thumbnail_url":"https:\/\/www.budokampsport.se\/wp-content\/uploads\/2017\/03\/tsuba_notext_cmyk_copy-e1489765726565.jpg","thumbnail_width":400,"thumbnail_height":319,"description":"Oliver Enkamp \u00e4r klar f\u00f6r UFC-galan i Stockholm den 28:e maj. Han g\u00f6r sin debut f\u00f6r MMA-organisationen och blir d\u00e4rmed fj\u00e4rde svensk p\u00e5 galan. - Det k\u00e4nns extremt sp\u00e4nnande och blir min absolut st\u00f6rsta utmaning i livet hittills. Tiden \u00e4r knapp men jag kommer g\u00f6ra det b\u00e4sta av tiden som \u00e4r kvar och fightas som om det vore min sista match p\u00e5 jorden, s\u00e4ger han till budokampsport.se."}