{"version":"1.0","provider_name":"Svenska Budo &amp; Kampsportsf\u00f6rbundet","provider_url":"https:\/\/www.budokampsport.se","title":"Jujutsuledaren Roger Berger kan bli \u00c5rets f\u00f6rebild - Svenska Budo &amp; Kampsportsf\u00f6rbundet","type":"rich","width":600,"height":338,"html":"<blockquote class=\"wp-embedded-content\" data-secret=\"VTw2ljPJuX\"><a href=\"https:\/\/www.budokampsport.se\/2020\/02\/27\/jujutsuledaren-roger-berger-kan-bli-arets-forebild\/\">Jujutsuledaren Roger Berger kan bli \u00c5rets f\u00f6rebild<\/a><\/blockquote><iframe sandbox=\"allow-scripts\" security=\"restricted\" src=\"https:\/\/www.budokampsport.se\/2020\/02\/27\/jujutsuledaren-roger-berger-kan-bli-arets-forebild\/embed\/#?secret=VTw2ljPJuX\" width=\"600\" height=\"338\" title=\"\u201dJujutsuledaren Roger Berger kan bli \u00c5rets f\u00f6rebild\u201d &ndash; Svenska Budo &amp; Kampsportsf\u00f6rbundet\" data-secret=\"VTw2ljPJuX\" frameborder=\"0\" marginwidth=\"0\" marginheight=\"0\" scrolling=\"no\" class=\"wp-embedded-content\"><\/iframe><script type=\"text\/javascript\">\n\/* <![CDATA[ *\/\n\/*! This file is auto-generated *\/\n!function(d,l){\"use strict\";l.querySelector&&d.addEventListener&&\"undefined\"!=typeof URL&&(d.wp=d.wp||{},d.wp.receiveEmbedMessage||(d.wp.receiveEmbedMessage=function(e){var t=e.data;if((t||t.secret||t.message||t.value)&&!\/[^a-zA-Z0-9]\/.test(t.secret)){for(var s,r,n,a=l.querySelectorAll('iframe[data-secret=\"'+t.secret+'\"]'),o=l.querySelectorAll('blockquote[data-secret=\"'+t.secret+'\"]'),c=new RegExp(\"^https?:$\",\"i\"),i=0;i<o.length;i++)o[i].style.display=\"none\";for(i=0;i<a.length;i++)s=a[i],e.source===s.contentWindow&&(s.removeAttribute(\"style\"),\"height\"===t.message?(1e3<(r=parseInt(t.value,10))?r=1e3:~~r<200&&(r=200),s.height=r):\"link\"===t.message&&(r=new URL(s.getAttribute(\"src\")),n=new URL(t.value),c.test(n.protocol))&&n.host===r.host&&l.activeElement===s&&(d.top.location.href=t.value))}},d.addEventListener(\"message\",d.wp.receiveEmbedMessage,!1),l.addEventListener(\"DOMContentLoaded\",function(){for(var e,t,s=l.querySelectorAll(\"iframe.wp-embedded-content\"),r=0;r<s.length;r++)(t=(e=s[r]).getAttribute(\"data-secret\"))||(t=Math.random().toString(36).substring(2,12),e.src+=\"#?secret=\"+t,e.setAttribute(\"data-secret\",t)),e.contentWindow.postMessage({message:\"ready\",secret:t},\"*\")},!1)))}(window,document);\n\/* ]]> *\/\n<\/script>\n","thumbnail_url":"https:\/\/www.budokampsport.se\/wp-content\/uploads\/2020\/02\/roger_berger.jpg","thumbnail_width":850,"thumbnail_height":550,"description":"Roger Berger \u00e4r en av de som of\u00f6rtr\u00f6ttligt slitit f\u00f6r att ge parakampsportare en plats att vara. Via f\u00f6reningen Kumla kampsportsf\u00f6rening \u00e4r Roger en av de som ser till att s\u00e5 kallade para-budopass h\u00e5lls. Han \u00e4r ocks\u00e5 ledare i jujutsulandslaget, d\u00e4r paraidrott \u00e4r helt integrerade. - Jag har aldrig blivit nominerad till n\u00e5got f\u00f6rut, det \u00e4r sv\u00e5rt att ta in det h\u00e4r, s\u00e4ger han till budokampsport.se."}