{"version":"1.0","provider_name":"Svenska Budo &amp; Kampsportsf\u00f6rbundet","provider_url":"https:\/\/www.budokampsport.se","title":"RF: Besked om t\u00e4vlingar f\u00f6r vuxna kommer under veckan - Svenska Budo &amp; Kampsportsf\u00f6rbundet","type":"rich","width":600,"height":338,"html":"<blockquote class=\"wp-embedded-content\" data-secret=\"VAhuGsJnLg\"><a href=\"https:\/\/www.budokampsport.se\/2020\/05\/25\/rf-besked-om-tavlingar-for-vuxna-kommer-under-veckan\/\">RF: Besked om t\u00e4vlingar f\u00f6r vuxna kommer under veckan<\/a><\/blockquote><iframe sandbox=\"allow-scripts\" security=\"restricted\" src=\"https:\/\/www.budokampsport.se\/2020\/05\/25\/rf-besked-om-tavlingar-for-vuxna-kommer-under-veckan\/embed\/#?secret=VAhuGsJnLg\" width=\"600\" height=\"338\" title=\"\u201dRF: Besked om t\u00e4vlingar f\u00f6r vuxna kommer under veckan\u201d &ndash; Svenska Budo &amp; Kampsportsf\u00f6rbundet\" data-secret=\"VAhuGsJnLg\" frameborder=\"0\" marginwidth=\"0\" marginheight=\"0\" scrolling=\"no\" class=\"wp-embedded-content\"><\/iframe><script type=\"text\/javascript\">\n\/* <![CDATA[ *\/\n\/*! This file is auto-generated *\/\n!function(d,l){\"use strict\";l.querySelector&&d.addEventListener&&\"undefined\"!=typeof URL&&(d.wp=d.wp||{},d.wp.receiveEmbedMessage||(d.wp.receiveEmbedMessage=function(e){var t=e.data;if((t||t.secret||t.message||t.value)&&!\/[^a-zA-Z0-9]\/.test(t.secret)){for(var s,r,n,a=l.querySelectorAll('iframe[data-secret=\"'+t.secret+'\"]'),o=l.querySelectorAll('blockquote[data-secret=\"'+t.secret+'\"]'),c=new RegExp(\"^https?:$\",\"i\"),i=0;i<o.length;i++)o[i].style.display=\"none\";for(i=0;i<a.length;i++)s=a[i],e.source===s.contentWindow&&(s.removeAttribute(\"style\"),\"height\"===t.message?(1e3<(r=parseInt(t.value,10))?r=1e3:~~r<200&&(r=200),s.height=r):\"link\"===t.message&&(r=new URL(s.getAttribute(\"src\")),n=new URL(t.value),c.test(n.protocol))&&n.host===r.host&&l.activeElement===s&&(d.top.location.href=t.value))}},d.addEventListener(\"message\",d.wp.receiveEmbedMessage,!1),l.addEventListener(\"DOMContentLoaded\",function(){for(var e,t,s=l.querySelectorAll(\"iframe.wp-embedded-content\"),r=0;r<s.length;r++)(t=(e=s[r]).getAttribute(\"data-secret\"))||(t=Math.random().toString(36).substring(2,12),e.src+=\"#?secret=\"+t,e.setAttribute(\"data-secret\",t)),e.contentWindow.postMessage({message:\"ready\",secret:t},\"*\")},!1)))}(window,document);\n\/* ]]> *\/\n<\/script>\n","thumbnail_url":"https:\/\/www.budokampsport.se\/wp-content\/uploads\/2019\/07\/rf_vertical_color_neg_rgb_2018-e1625211837717.png","thumbnail_width":850,"thumbnail_height":582,"description":"I onsdags hade Riksidrottsf\u00f6rbundet tillsammans med Folkh\u00e4lsomyndigheten ett m\u00f6te, d\u00e4r det diskuterades m\u00f6jliga l\u00f6sningar f\u00f6r att kunna komma ig\u00e5ng med matcher, t\u00e4vlingar och cuper p\u00e5 seniorniv\u00e5. Under veckan kommer nytt m\u00f6te h\u00e5llas, skriver rf.se."}