{"version":"1.0","provider_name":"Svenska Budo &amp; Kampsportsf\u00f6rbundet","provider_url":"https:\/\/www.budokampsport.se","title":"Capoeira-profilen Martin \"L\u00e2mina\" Blad blev \u201dMestre\u201d - Svenska Budo &amp; Kampsportsf\u00f6rbundet","type":"rich","width":600,"height":338,"html":"<blockquote class=\"wp-embedded-content\" data-secret=\"q1OJeytoir\"><a href=\"https:\/\/www.budokampsport.se\/2023\/11\/10\/capoeira-profilen-martin-lamina-blad-blev-mestre\/\">Capoeira-profilen Martin &#8220;L\u00e2mina&#8221; Blad blev \u201dMestre\u201d<\/a><\/blockquote><iframe sandbox=\"allow-scripts\" security=\"restricted\" src=\"https:\/\/www.budokampsport.se\/2023\/11\/10\/capoeira-profilen-martin-lamina-blad-blev-mestre\/embed\/#?secret=q1OJeytoir\" width=\"600\" height=\"338\" title=\"\u201dCapoeira-profilen Martin &#8220;L\u00e2mina&#8221; Blad blev \u201dMestre\u201d\u201d &ndash; Svenska Budo &amp; Kampsportsf\u00f6rbundet\" data-secret=\"q1OJeytoir\" frameborder=\"0\" marginwidth=\"0\" marginheight=\"0\" scrolling=\"no\" class=\"wp-embedded-content\"><\/iframe><script type=\"text\/javascript\">\n\/* <![CDATA[ *\/\n\/*! This file is auto-generated *\/\n!function(d,l){\"use strict\";l.querySelector&&d.addEventListener&&\"undefined\"!=typeof URL&&(d.wp=d.wp||{},d.wp.receiveEmbedMessage||(d.wp.receiveEmbedMessage=function(e){var t=e.data;if((t||t.secret||t.message||t.value)&&!\/[^a-zA-Z0-9]\/.test(t.secret)){for(var s,r,n,a=l.querySelectorAll('iframe[data-secret=\"'+t.secret+'\"]'),o=l.querySelectorAll('blockquote[data-secret=\"'+t.secret+'\"]'),c=new RegExp(\"^https?:$\",\"i\"),i=0;i<o.length;i++)o[i].style.display=\"none\";for(i=0;i<a.length;i++)s=a[i],e.source===s.contentWindow&&(s.removeAttribute(\"style\"),\"height\"===t.message?(1e3<(r=parseInt(t.value,10))?r=1e3:~~r<200&&(r=200),s.height=r):\"link\"===t.message&&(r=new URL(s.getAttribute(\"src\")),n=new URL(t.value),c.test(n.protocol))&&n.host===r.host&&l.activeElement===s&&(d.top.location.href=t.value))}},d.addEventListener(\"message\",d.wp.receiveEmbedMessage,!1),l.addEventListener(\"DOMContentLoaded\",function(){for(var e,t,s=l.querySelectorAll(\"iframe.wp-embedded-content\"),r=0;r<s.length;r++)(t=(e=s[r]).getAttribute(\"data-secret\"))||(t=Math.random().toString(36).substring(2,12),e.src+=\"#?secret=\"+t,e.setAttribute(\"data-secret\",t)),e.contentWindow.postMessage({message:\"ready\",secret:t},\"*\")},!1)))}(window,document);\n\/* ]]> *\/\n<\/script>\n","thumbnail_url":"https:\/\/www.budokampsport.se\/wp-content\/uploads\/2023\/11\/martin-blad.jpg","thumbnail_width":850,"thumbnail_height":550,"description":"CAPOEIRA. Martin \"L\u00e2mina\" Blad har rest till Brasilien och kan numera titulera sig \u201dMestre\u201d i capoeira. Budokampsport.se har f\u00f6rst\u00e5s pratat med Martin om denna historiska h\u00e4ndelse. - Det \u00e4r en stark k\u00e4nsla av tacksamhet till alla som varit med l\u00e4ngs v\u00e4gen, elever, v\u00e4nner, tr\u00e4nare som alla \u00e4r en del av varf\u00f6r jag f\u00e5tt m\u00f6jligheten och lyckats att erh\u00e5lla denna titel, s\u00e4ger han till budokampsport.se. (Foto: Hamid Ershad Sarabi och privat)"}