{"version":"1.0","provider_name":"Svenska Budo &amp; Kampsportsf\u00f6rbundet","provider_url":"https:\/\/www.budokampsport.se","title":"Eker\u00f6 BJJ bj\u00f6d in till paradagen - Svenska Budo &amp; Kampsportsf\u00f6rbundet","type":"rich","width":600,"height":338,"html":"<blockquote class=\"wp-embedded-content\" data-secret=\"IXS2t5Yaoq\"><a href=\"https:\/\/www.budokampsport.se\/2024\/04\/03\/ekero-bjj-bjod-in-till-paradagen\/\">Eker\u00f6 BJJ bj\u00f6d in till paradagen<\/a><\/blockquote><iframe sandbox=\"allow-scripts\" security=\"restricted\" src=\"https:\/\/www.budokampsport.se\/2024\/04\/03\/ekero-bjj-bjod-in-till-paradagen\/embed\/#?secret=IXS2t5Yaoq\" width=\"600\" height=\"338\" title=\"\u201dEker\u00f6 BJJ bj\u00f6d in till paradagen\u201d &ndash; Svenska Budo &amp; Kampsportsf\u00f6rbundet\" data-secret=\"IXS2t5Yaoq\" frameborder=\"0\" marginwidth=\"0\" marginheight=\"0\" scrolling=\"no\" class=\"wp-embedded-content\"><\/iframe><script type=\"text\/javascript\">\n\/* <![CDATA[ *\/\n\/*! This file is auto-generated *\/\n!function(d,l){\"use strict\";l.querySelector&&d.addEventListener&&\"undefined\"!=typeof URL&&(d.wp=d.wp||{},d.wp.receiveEmbedMessage||(d.wp.receiveEmbedMessage=function(e){var t=e.data;if((t||t.secret||t.message||t.value)&&!\/[^a-zA-Z0-9]\/.test(t.secret)){for(var s,r,n,a=l.querySelectorAll('iframe[data-secret=\"'+t.secret+'\"]'),o=l.querySelectorAll('blockquote[data-secret=\"'+t.secret+'\"]'),c=new RegExp(\"^https?:$\",\"i\"),i=0;i<o.length;i++)o[i].style.display=\"none\";for(i=0;i<a.length;i++)s=a[i],e.source===s.contentWindow&&(s.removeAttribute(\"style\"),\"height\"===t.message?(1e3<(r=parseInt(t.value,10))?r=1e3:~~r<200&&(r=200),s.height=r):\"link\"===t.message&&(r=new URL(s.getAttribute(\"src\")),n=new URL(t.value),c.test(n.protocol))&&n.host===r.host&&l.activeElement===s&&(d.top.location.href=t.value))}},d.addEventListener(\"message\",d.wp.receiveEmbedMessage,!1),l.addEventListener(\"DOMContentLoaded\",function(){for(var e,t,s=l.querySelectorAll(\"iframe.wp-embedded-content\"),r=0;r<s.length;r++)(t=(e=s[r]).getAttribute(\"data-secret\"))||(t=Math.random().toString(36).substring(2,12),e.src+=\"#?secret=\"+t,e.setAttribute(\"data-secret\",t)),e.contentWindow.postMessage({message:\"ready\",secret:t},\"*\")},!1)))}(window,document);\n\/* ]]> *\/\n<\/script>\n","thumbnail_url":"https:\/\/www.budokampsport.se\/wp-content\/uploads\/2024\/03\/IMG_4282.jpeg","thumbnail_width":589,"thumbnail_height":429,"description":"PARA. Paradagen \u00e4r ett brett koncept d\u00e4r f\u00f6reningar kan ans\u00f6ka om bidrag fr\u00e5n SB&K f\u00f6r att kunna arrangera prova-p\u00e5-dagar som \u00e4r paraanpassade. F\u00f6r Eker\u00f6 BJJ var det andra g\u00e5ngen de anordnade dagen f\u00f6r barn mellan 6-12 \u00e5r. \u2013 Vi vill kunna erbjuda alla barn en m\u00f6jlighet till en meningsfull fritid, oavsett f\u00f6ruts\u00e4ttningar, s\u00e4ger grundaren Marc Lundberg till budokampsport.se (Foto: Eker\u00f6 BJJ)"}